{"id":1437,"date":"2026-04-07T18:39:54","date_gmt":"2026-04-07T18:39:54","guid":{"rendered":"https:\/\/pdweek.ca\/?page_id=1437"},"modified":"2026-04-23T22:09:15","modified_gmt":"2026-04-23T22:09:15","slug":"accueil","status":"publish","type":"page","link":"https:\/\/pdweek.ca\/fr\/","title":{"rendered":"Accueil 2026"},"content":{"rendered":"\r\n<section class=\"hero-with-image hero--align-right\">\r\n\t<div class=\"hero__bg\">\r\n\t\t<img decoding=\"async\" src=\"https:\/\/pdweek.ca\/wp-content\/themes\/pd-week\/resources\/images\/gradient-hero-image.jpg\" alt=\"\">\r\n\t<\/div>\r\n\t\r\n\t<div class=\"shell\">\r\n\t\t<div class=\"hero__inner\">\r\n\t\t\t\t\n\r\n<div class=\"hero__image\">\r\n\t\t\n\n<figure class=\"wp-block-image size-full\"><img loading=\"lazy\" decoding=\"async\" width=\"2048\" height=\"1365\" src=\"https:\/\/pdweek.ca\/wp-content\/uploads\/sites\/2\/2026\/04\/54171015518_9fee928040_k.jpg\" alt=\"\" class=\"wp-image-1352\" srcset=\"https:\/\/pdweek.ca\/wp-content\/uploads\/sites\/2\/2026\/04\/54171015518_9fee928040_k.jpg 2048w, https:\/\/pdweek.ca\/wp-content\/uploads\/sites\/2\/2026\/04\/54171015518_9fee928040_k-300x200.jpg 300w, https:\/\/pdweek.ca\/wp-content\/uploads\/sites\/2\/2026\/04\/54171015518_9fee928040_k-1024x683.jpg 1024w, https:\/\/pdweek.ca\/wp-content\/uploads\/sites\/2\/2026\/04\/54171015518_9fee928040_k-768x512.jpg 768w, https:\/\/pdweek.ca\/wp-content\/uploads\/sites\/2\/2026\/04\/54171015518_9fee928040_k-1536x1024.jpg 1536w\" sizes=\"auto, (max-width: 2048px) 100vw, 2048px\" \/><\/figure>\n\n\n\t<\/div><!-- \/.hero__image -->\r\n\n\n\r\n<div class=\"hero__head\">\r\n\t\t\n\n<h1 class=\"wp-block-heading\"><strong><strong><strong>La Semaine de PP sera de retour en novembre<\/strong><\/strong><\/strong><\/h1>\n\n\n\n<h6 class=\"wp-block-heading\">17-20 NOVEMBRE<strong><br><strong><strong><strong>CENTR<\/strong><\/strong>E ROGERS<\/strong><\/strong>,<strong><strong>OTTAWA<\/strong><\/strong><\/h6>\n\n\n\n<h4 class=\"wp-block-heading has-text-color has-link-color wp-elements-f4353417e49f16ed84d54dd95674ff96\" style=\"color:#d73a5e\"><strong> <\/strong> <strong>Les inscriptions commencent le 11&nbsp;mai<\/strong><\/h4>\n\n\n\n<div class=\"wp-block-buttons is-layout-flex wp-block-buttons-is-layout-flex\">\n<div class=\"wp-block-button\"><a class=\"wp-block-button__link wp-element-button\" href=\"https:\/\/pdweek.ca\/fr\/#courriel\"><strong><strong>Inscrivez-vous d\u00e8s maintenant pour recevoir les derni\u00e8res nouvelles<\/strong><\/strong>&nbsp;<img decoding=\"async\" class=\"wp-image-424\" style=\"width: NaNpx;\" src=\"https:\/\/pdweek.ca\/wp-content\/uploads\/sites\/2\/2024\/07\/ico-arrow-right-white.svg\" alt=\"\"><\/a><\/div>\n<\/div>\n\n\n\n<h1 class=\"wp-block-heading\"><p class=\"MsoNormal\" style=\"margin: 0cm 0cm 8pt; line-height: 18.4px; font-size: medium; font-family: Aptos, sans-serif; caret-color: rgb(0, 0, 0); color: rgb(0, 0, 0); font-weight: 400; text-transform: none; white-space: normal;\"><\/p><p class=\"MsoNormal\" style=\"margin: 0cm 0cm 8pt; line-height: 18.4px; font-size: medium; font-family: Aptos, sans-serif; caret-color: rgb(0, 0, 0); color: rgb(0, 0, 0); font-weight: 400; text-transform: none; white-space: normal;\"><span lang=\"FR\"><\/span><\/p><\/h1>\n\n\n\t<\/div><!-- \/.hero__head -->\r\n\n\n\r\n<div class=\"hero__content\">\r\n\t\t\n\n<h3 class=\"wp-block-heading\"><strong><strong><strong>La Semaine de PP est l\u2019\u00e9v\u00e9nement le plus important au Canada donnant acc\u00e8s \u00e0 des cr\u00e9dits de DPC pour les sp\u00e9cialistes de la gestion financi\u00e8re du secteur public, \u00e0 toutes les \u00e9tapes de leur carri\u00e8re.<\/strong><\/strong><\/strong><\/h3>\n\n\n\n<p>Au cours de quatre journ\u00e9es th\u00e9matiques, vous obtiendrez de nouvelles perspectives sur&nbsp;les forces qui fa\u00e7onnent le secteur public&nbsp;: de la r\u00e9volution IA, en passant par la s\u00e9curit\u00e9 des donn\u00e9es, la modernisation, les outils collaboratifs, et plus encore.<\/p>\n\n\n\n<p>Ce sera l\u2019occasion d\u2019\u00e9changer avec des conf\u00e9renci\u00e8res et conf\u00e9renciers de renomm\u00e9e mondiale, de vous joindre \u00e0 des s\u00e9ances dirig\u00e9es par des expertes et experts et de participer \u00e0 des activit\u00e9s de r\u00e9seautage qui susciteront des conversations ax\u00e9es sur l\u2019avenir avec des coll\u00e8gues et des dirigeantes et dirigeants de tous les ordres du gouvernement de partout au Canada.<\/p>\n\n\n\n<p><strong>Nouveau en 2026 \u2013 Des laissez-passer encore plus avantageux<\/strong><\/p>\n\n\n\n<p>Tous les laissez-passer en personne ou \u00e0 la demande comprennent un acc\u00e8s \u00e0 la demande \u00e0 toutes les pr\u00e9sentations principales qui auront lieu durant les quatre journ\u00e9es. Comme l\u2019an dernier, votre laissez-passer en personne vous donnera acc\u00e8s au contenu \u00e0 la demande pour la ou les journ\u00e9es s\u00e9lectionn\u00e9es. En plus, vous aurez maintenant aussi acc\u00e8s aux pr\u00e9sentations principales des journ\u00e9es auxquelles vous n\u2019assistez pas. Cela vous permet d\u2019obtenir jusqu\u2019\u00e0 six&nbsp;heures d\u2019apprentissage v\u00e9rifiables suppl\u00e9mentaires sans frais additionnels. Plus d\u2019apprentissages, plus de flexibilit\u00e9 et plus d\u2019avantages avec chaque inscription.<\/p>\n\n\n\n<div style=\"height:20px\" aria-hidden=\"true\" class=\"wp-block-spacer\"><\/div>\n\n\n\t<\/div><!-- \/.hero__content -->\r\n\n\n\t\t\t<\/div><!-- \/.hero__inner -->\r\n\t<\/div><!-- \/.shell -->\r\n<\/section><!-- \/.hero-with-image -->\r\n\n\n<section class=\"section-callout\">\r\n\t<div class=\"shell\">\r\n\t\t\t\n\n<h2 class=\"wp-block-heading\"><strong><strong><strong>Quatre jours. Quatre th\u00e8mes. Ax\u00e9e sur domaine des finances du secteur public d\u2019aujourd\u2019hui.<\/strong><\/strong><\/strong><\/h2>\n\n\n\n<p>Les s\u00e9ances ont \u00e9t\u00e9 con\u00e7ues afin de r\u00e9pondre aux exigences en mati\u00e8re de formation et aux priorit\u00e9s changeantes des minist\u00e8res et des agences gouvernementales.<\/p>\n\n\n\n<h3 class=\"wp-block-heading\"><strong>Choisissez parmi des s\u00e9ances pratiques et inspirantes dans ces quatre domaines :<\/strong><\/h3>\n\n\n\t\t<\/div><!-- \/.shell -->\r\n<\/section><!-- \/.section-callout -->\r\n\n\n\r\n<section class=\"section-featured-events\">\r\n\t<div class=\"shell\">\r\n\t\t<div class=\"events\">\r\n\t\t\t\t\n\r\n<div class=\"event\" style=\"background-color:#d73a5e;\">\r\n\t\t\n\r\n<div class=\"event__head\">\r\n\t\t\n\n<ul class=\"wp-block-list\">\n<li>Mardi<\/li>\n\n\n\n<li>Jour 1<\/li>\n<\/ul>\n\n\n\t<\/div><!-- \/.event__head -->\r\n\n\n\r\n<div class=\"event__body\">\r\n\t\t\n\n<h4 class=\"wp-block-heading\"><strong><strong>Penser strat\u00e9giquement et analyser la situation financi\u00e8re<\/strong>&nbsp;<\/strong><\/h4>\n\n\n\n<p>D\u00e9veloppez les comp\u00e9tences n\u00e9cessaires pour interpr\u00e9ter, analyser et relier les informations financi\u00e8res afin de prendre des d\u00e9cisions strat\u00e9giques fond\u00e9es sur des donn\u00e9es. Am\u00e9liorez votre esprit critique ainsi que votre capacit\u00e9 \u00e0 comprendre les situations gr\u00e2ce aux informations fournies par l\u2019IA, et apprenez \u00e0 extraire des informations utiles qui influencent la prise de d\u00e9cision au plus haut niveau.<\/p>\n\n\n\t<\/div><!-- \/.event__body -->\r\n\n\n\t\r\n\t<\/div><!-- \/.event -->\r\n\n\n\r\n<div class=\"event\" style=\"background-color:#3A2849;\">\r\n\t\t\n\r\n<div class=\"event__head\">\r\n\t\t\n\n<ul class=\"wp-block-list\">\n<li>Mercredi<\/li>\n\n\n\n<li>Jour 2<\/li>\n<\/ul>\n\n\n\t<\/div><!-- \/.event__head -->\r\n\n\n\r\n<div class=\"event__body\">\r\n\t\t\n\n<h4 class=\"wp-block-heading\"><strong><strong>Renforcer la collaboration dans le domaine de la gestion financi\u00e8re<\/strong>&nbsp;<\/strong><\/h4>\n\n\n\n<p>D\u00e9couvrez les comp\u00e9tences essentielles pour favoriser la collaboration dans le domaine de la gestion financi\u00e8re. Apprenez \u00e0 am\u00e9liorer la communication, \u00e0 b\u00e2tir des relations et \u00e0 dialoguer avec les parties prenantes de mani\u00e8re efficace.<\/p>\n\n\n\t<\/div><!-- \/.event__body -->\r\n\n\n\t\r\n\t<\/div><!-- \/.event -->\r\n\n\n\r\n<div class=\"event\" style=\"background-color:#625789;\">\r\n\t\t\n\r\n<div class=\"event__head\">\r\n\t\t\n\n<ul class=\"wp-block-list\">\n<li>Jeudi<\/li>\n\n\n\n<li>Jour 3<\/li>\n<\/ul>\n\n\n\t<\/div><!-- \/.event__head -->\r\n\n\n\r\n<div class=\"event__body\">\r\n\t\t\n\n<h4 class=\"wp-block-heading\"><strong><strong>Encourager l\u2019innovation et produire des r\u00e9sultats<\/strong><\/strong><\/h4>\n\n\n\n<p>Explorez les plus r\u00e9centes innovations en mati\u00e8re de gestion financi\u00e8re, au sein du gouvernement et au-del\u00e0. Vous d\u00e9couvrirez de nouvelles approches, de nouveaux syst\u00e8mes et de nouvelles m\u00e9thodologies qui transforment la mani\u00e8re dont les op\u00e9rations financi\u00e8res sont men\u00e9es.<\/p>\n\n\n\n<p><\/p>\n\n\n\t<\/div><!-- \/.event__body -->\r\n\n\n\t\r\n\t<\/div><!-- \/.event -->\r\n\n\n\r\n<div class=\"event\" style=\"background-color:#00a5b8;\">\r\n\t\t\n\r\n<div class=\"event__head\">\r\n\t\t\n\n<ul class=\"wp-block-list\">\n<li>Vendredi<\/li>\n\n\n\n<li>Jour 4<\/li>\n<\/ul>\n\n\n\t<\/div><!-- \/.event__head -->\r\n\n\n\r\n<div class=\"event__body\">\r\n\t\t\n\n<h4 class=\"wp-block-heading\"><strong><strong>Favoriser le perfectionnement personnel et professionnel<\/strong><\/strong><\/h4>\n\n\n\n<p>D\u00e9veloppez vos comp\u00e9tences en leadership personnel afin de produire des r\u00e9sultats significatifs, dans votre vie personnelle comme dans votre vie professionnelle. Apprenez \u00e0 d\u00e9velopper des comportements orient\u00e9s vers l\u2019action, \u00e0 renforcer votre r\u00e9silience et \u00e0 vous adapter gr\u00e2ce \u00e0 des outils num\u00e9riques qui facilitent la gestion du changement.<\/p>\n\n\n\t<\/div><!-- \/.event__body -->\r\n\n\n\t\r\n\t<\/div><!-- \/.event -->\r\n\n\n\t\t\t<\/div><!-- \/.events -->\r\n\t<\/div><!-- \/.shell -->\r\n<\/section><!-- \/.section-featured-events -->\r\n\n\n<section class=\"section-callout\">\r\n\t<div class=\"shell\">\r\n\t\t\t\n\n<p>L\u2019IGF est fier de poursuivre son association avec le Bureau du contr\u00f4leur g\u00e9n\u00e9ral du Canada, vous offrant des opportunit\u00e9s d\u2019apprentissage qui cadrent avec la Boussole de comp\u00e9tences en gestion financi\u00e8re, un outil reconnu con\u00e7u pour aider les sp\u00e9cialistes de la gestion financi\u00e8re du gouvernement du Canada \u00e0 faire progresser leur carri\u00e8re, \u00e0 am\u00e9liorer leurs principales comp\u00e9tences et \u00e0 promouvoir l\u2019excellence dans la fonction publique.<\/p>\n\n\n\t\t<\/div><!-- \/.shell -->\r\n<\/section><!-- \/.section-callout -->\r\n\n\n<section class=\"section-callout\">\r\n\t<div class=\"shell\">\r\n\t\t\t\n<section class=\"section-callout\">\r\n\t<div class=\"shell\">\r\n\t\t\t\n\r\n<section class=\"section-benefits\">\r\n\t\t\n\n<h2 class=\"wp-block-heading\"><br><strong>Plus d\u2019innovation. Plus d\u2019interactions. Plus d\u2019avantages.<\/strong><\/h2>\n\n\n\n<p><\/p>\n\n\n\t<\/section><!-- \/.section-benefits -->\r\n\n\n\n\n\n<style>\n.pdw-cards-feat * { box-sizing: border-box; margin: 0; padding: 0; }\n\n.pdw-cards-feat {\n  font-family: 'Poppins', sans-serif;\n  display: grid;\n  grid-template-columns: 1fr 1fr 1fr;\n  gap: 20px;\n  max-width: 100%;\n}\n\n@media (max-width: 720px) {\n  .pdw-cards-feat { grid-template-columns: 1fr; }\n}\n\n.pdw-feat-card {\n  border-radius: 16px 16px 80px 16px;\n  padding: 32px 28px 36px;\n  display: flex;\n  flex-direction: column;\n  gap: 14px;\n  animation: pdwFeatUp 0.5s ease both;\n}\n\n.pdw-feat-card:nth-child(2) { animation-delay: 0.1s; }\n.pdw-feat-card:nth-child(3) { animation-delay: 0.2s; }\n\n.pdw-feat-card--purple  { background: #3A2849; }\n.pdw-feat-card--fuchsia { background: #D73A5E; }\n.pdw-feat-card--violet  { background: #625789; }\n\n.pdw-feat-card__title {\n  font-size: 20px;\n  font-weight: 700;\n  color: #ffffff;\n  line-height: 1.3;\n}\n\n.pdw-feat-card__body {\n  font-size: 14px;\n  font-weight: 400;\n  color: rgba(255,255,255,0.85);\n  line-height: 1.65;\n}\n\n.pdw-feat-card__body em {\n  font-style: italic;\n  font-weight: 600;\n  color: #ffffff;\n}\n\n.pdw-feat-card__body strong {\n  font-weight: 600;\n  color: #ffffff;\n}\n\n@keyframes pdwFeatUp {\n  from { opacity: 0; transform: translateY(16px); }\n  to   { opacity: 1; transform: translateY(0); }\n}\n<\/style>\n\n<div class=\"pdw-cards-feat\">\n\n  <div class=\"pdw-feat-card pdw-feat-card--purple\">\n    <div class=\"pdw-feat-card__title\">L&rsquo;innovation sur le devant de la sc\u00e8ne<\/div>\n    <div class=\"pdw-feat-card__body\">\n      En partenariat avec le Bureau du contr\u00f4leur g\u00e9n\u00e9ral (BCG), le <em>\u00ab Salon de l&rsquo;innovation de la fonction de contr\u00f4leur \u00bb<\/em> aura lieu pendant la Semaine de PP 2026. C&rsquo;est l&rsquo;occasion pour vous de d\u00e9couvrir des solutions pratiques et avant-gardistes qui fa\u00e7onnent l&rsquo;avenir du gouvernement.\n    <\/div>\n  <\/div>\n\n  <div class=\"pdw-feat-card pdw-feat-card--fuchsia\">\n    <div class=\"pdw-feat-card__title\">Retour de la Journ\u00e9e d&rsquo;audit  interne et de l&rsquo;\u00e9valuation<\/div>\n    <div class=\"pdw-feat-card__body\">\n      \u00c0 la demande g\u00e9n\u00e9rale, ce volet d\u00e9di\u00e9 s&rsquo;adresse aux sp\u00e9cialistes de tous les ordres de gouvernement de la communaut\u00e9 d&rsquo;audit et de l&rsquo;\u00e9valuation et r\u00e9unira des auditrices et auditeurs internes, des \u00e9valuatrices et \u00e9valuateurs et des leaders du milieu de la surveillance qui travaillent dans le secteur f\u00e9d\u00e9ral, provincial et municipal.\n    <\/div>\n  <\/div>\n\n  <div class=\"pdw-feat-card pdw-feat-card--violet\">\n    <div class=\"pdw-feat-card__title\">Ludification<\/div>\n    <div class=\"pdw-feat-card__body\">\n      Participez \u00e0 des d\u00e9fis et activit\u00e9s interactifs con\u00e7us pour rendre votre Semaine de PP encore plus passionnante, enrichissante et ludique. Accumulez des points, affrontez vos pairs et gagnez des prix attrayants tout au long de la semaine.\n    <\/div>\n  <\/div>\n\n<\/div>\n\n\n\t\t<\/div><!-- \/.shell -->\r\n<\/section><!-- \/.section-callout -->\r\n\n\n\t\t<\/div><!-- \/.shell -->\r\n<\/section><!-- \/.section-callout -->\r\n\n\n\r\n<div class=\"section\" style=\"--background-color: #3a2849; --text-color: #ffffff;\">\r\n\t\t\t<div class=\"section__image\">\r\n\t\t\t<img loading=\"lazy\" decoding=\"async\" width=\"1440\" height=\"3107\" src=\"https:\/\/pdweek.ca\/wp-content\/uploads\/sites\/2\/2024\/06\/bg-homepage.jpg\" class=\"attachment-full size-full\" alt=\"\" \/>\t\t<\/div><!-- \/.section__image -->\r\n\t\r\n\t<div class=\"section__content\">\r\n\t\t\t\n\n<h2 class=\"wp-block-heading\"><strong><strong>Conf\u00e9renciers et conf\u00e9renci\u00e8res de renomm\u00e9e mondiale<\/strong><\/strong><\/h2>\n\n\n\n<p>La Semaine de PP&nbsp;2026 rassemblera une liste impressionnante et diversifi\u00e9e de conf\u00e9renci\u00e8res et conf\u00e9renciers d\u2019honneur et de pr\u00e9sentateurs et pr\u00e9sentatrices provenant des quatre coins du Canada et du monde entier, et repr\u00e9sentant tous les paliers du secteur public&nbsp;: f\u00e9d\u00e9ral, provincial et municipal.&nbsp;<\/p>\n\n\n\n<h3 class=\"wp-block-heading\"><strong><strong><strong>Parmi les conf\u00e9renciers et conf\u00e9renci\u00e8res d\u2019honneur, citons :<\/strong><\/strong><\/strong><\/h3>\n\n\n\n<div class=\"wp-block-columns is-layout-flex wp-container-core-columns-is-layout-9d6595d7 wp-block-columns-is-layout-flex\">\n<div class=\"wp-block-column is-layout-flow wp-block-column-is-layout-flow\">\n<ul class=\"wp-block-list\">\n<li>Dr. Jody Carrington &#8211; &nbsp;Psychologue&nbsp;r\u00e9put\u00e9e, experte&nbsp;des&nbsp;connexions&nbsp;humaines, auteure&nbsp;\u00e0 succ\u00e8s<\/li>\n\n\n\n<li>Drew Dudley &#8211; Conf\u00e9rencier&nbsp;de&nbsp;renomm\u00e9e&nbsp;mondiale&nbsp;sur le leadership,  auteur \u00e0 succ\u00e8s du Wall Street Journal<\/li>\n<\/ul>\n<\/div>\n\n\n\n<div class=\"wp-block-column is-layout-flow wp-block-column-is-layout-flow\">\n<ul class=\"wp-block-list\">\n<li>Dr. Karen MacNeill &#8211; Psychologue&nbsp;de la performance de haut&nbsp;niveau, &nbsp;experte&nbsp;en&nbsp;r\u00e9silience&nbsp;mentale<\/li>\n\n\n\n<li>Isabelle Fontaine &#8211; Experte&nbsp;en&nbsp;intelligence&nbsp;\u00e9motionnelle&nbsp;et&nbsp;psychologie&nbsp;de la performance<\/li>\n\n\n\n<li><strong><strong>Et plusieurs autres!<\/strong><\/strong><\/li>\n<\/ul>\n<\/div>\n<\/div>\n\n\n\n<hr class=\"wp-block-separator has-alpha-channel-opacity\"\/>\n\n\n\n<h2 class=\"wp-block-heading\"><strong><strong>Qui devrait assister \u00e0 l\u2019\u00e9v\u00e9nement?<\/strong><\/strong><\/h2>\n\n\n\n<p><strong>La Semaine de PP 2026<\/strong> est un \u00e9v\u00e9nement inestimable pour toutes les personnes impliqu\u00e9es dans la gestion financi\u00e8re et l\u2019audit, ou qui ont des responsabilit\u00e9s en mati\u00e8re de budget.<\/p>\n\n\n\n<h3 class=\"wp-block-heading\">Plus pr\u00e9cis\u00e9ment, cet \u00e9v\u00e9nement s\u2019adresse aux :<\/h3>\n\n\n\n<div class=\"wp-block-columns is-layout-flex wp-container-core-columns-is-layout-9d6595d7 wp-block-columns-is-layout-flex\">\n<div class=\"wp-block-column is-layout-flow wp-block-column-is-layout-flow\">\n<ul class=\"wp-block-list\">\n<li>Les DPF et toutes les personnes \u00e0 tous les \u00e9chelons de leurs \u00e9quipes de gestion financi\u00e8re;&nbsp;<\/li>\n\n\n\n<li>Les contr\u00f4leuses et contr\u00f4leurs\/tr\u00e9sori\u00e8res et tr\u00e9soriers\/comptables\/agentes financi\u00e8res et agents financiers\/directrices et directeurs du budget\/examinatrices et examinateurs en mati\u00e8re de fraude;&nbsp;<\/li>\n<\/ul>\n<\/div>\n\n\n\n<div class=\"wp-block-column is-layout-flow wp-block-column-is-layout-flow\">\n<ul class=\"wp-block-list\">\n<li>Les dirigeantes principales et dirigeants principaux de la v\u00e9rification et les membres de leur \u00e9quipe qui participent aux audits, aux \u00e9valuations, \u00e0 la gestion des risques, aux fonctions de contr\u00f4le et aux processus de gouvernance;&nbsp;<\/li>\n\n\n\n<li>Les DPI, leurs \u00e9quipes, ainsi que les personnes qui participent \u00e0 des projets li\u00e9s aux syst\u00e8mes de TI dans le domaine financier;&nbsp;<\/li>\n<\/ul>\n<\/div>\n\n\n\n<div class=\"wp-block-column is-layout-flow wp-block-column-is-layout-flow\">\n<ul class=\"wp-block-list\">\n<li>Les CPA, CFE, CIA, ou toute autre personne qui d\u00e9tient un titre connexe et qui cherche \u00e0 obtenir des heures de formation admissibles;&nbsp;<\/li>\n\n\n\n<li>Les gestionnaires et les superviseuses et superviseurs de l\u2019ex\u00e9cution des programmes, ou les personnes qui assument des responsabilit\u00e9s li\u00e9es aux finances, \u00e0 la comptabilit\u00e9, \u00e0 l\u2019approvisionnement ou \u00e0 l\u2019audit;&nbsp;<\/li>\n\n\n\n<li>Les gestionnaires des RH qui collaborent avec la communaut\u00e9 de la gestion financi\u00e8re&nbsp;<\/li>\n<\/ul>\n<\/div>\n<\/div>\n\n\n<div class=\"section__subsection section__subsection--align-right\" style=\"--background-color: #FFFFFF; --text-color: #3A2849;\">\r\n\t\t\t<div class=\"section__subsection-image\">\r\n\t\t\t<img loading=\"lazy\" decoding=\"async\" width=\"2048\" height=\"1365\" src=\"https:\/\/pdweek.ca\/wp-content\/uploads\/sites\/2\/2025\/02\/54172359651_00c9fe7e7f_k.jpg\" class=\"attachment-full size-full\" alt=\"\" srcset=\"https:\/\/pdweek.ca\/wp-content\/uploads\/sites\/2\/2025\/02\/54172359651_00c9fe7e7f_k.jpg 2048w, https:\/\/pdweek.ca\/wp-content\/uploads\/sites\/2\/2025\/02\/54172359651_00c9fe7e7f_k-300x200.jpg 300w, https:\/\/pdweek.ca\/wp-content\/uploads\/sites\/2\/2025\/02\/54172359651_00c9fe7e7f_k-1024x683.jpg 1024w, https:\/\/pdweek.ca\/wp-content\/uploads\/sites\/2\/2025\/02\/54172359651_00c9fe7e7f_k-768x512.jpg 768w, https:\/\/pdweek.ca\/wp-content\/uploads\/sites\/2\/2025\/02\/54172359651_00c9fe7e7f_k-1536x1024.jpg 1536w\" sizes=\"auto, (max-width: 2048px) 100vw, 2048px\" \/>\t\t<\/div><!-- \/.section__subsection-image -->\r\n\t\r\n\t<div class=\"section__subsection-inner\">\r\n\t\t\t\n\n<h2 class=\"wp-block-heading\"><strong>Admissible pour des cr\u00e9dits de DPC<\/strong><\/h2>\n\n\n\n<h2 class=\"wp-block-heading\"><strong><strong><strong><strong><strong>Le moyen le plus simple et le plus rapide d\u2019obtenir des cr\u00e9dits de DPC<\/strong><\/strong><\/strong><\/strong><\/strong><\/h2>\n\n\n\n<p>Toutes les s\u00e9ances de la Semaine de PP&nbsp;2026 permettent d\u2019obtenir des heures de DCP v\u00e9rifiables. Vous aurez acc\u00e8s \u00e0 un minimum de 14&nbsp;heures de cr\u00e9dits avec le laissez-passer d\u2019un jour, tandis que le laissez-passer de quatre&nbsp;jours vous permettra d\u2019obtenir jusqu\u2019\u00e0 32&nbsp;heures de cr\u00e9dits, le meilleur rapport cr\u00e9dits\/temps investi.&nbsp;<\/p>\n\n\n\n<p><strong>Nouveau en 2026!<\/strong>&nbsp;Tout achat de laissez-passer en personne ou \u00e0 la demande inclut l\u2019acc\u00e8s \u00e0 la demande \u00e0 toutes les pr\u00e9sentations principales des quatre journ\u00e9es, y compris celles qui ont lieu durant les journ\u00e9es auxquelles vous n\u2019assistez pas, vous pourrez ainsi obtenir six&nbsp;heures d\u2019apprentissage v\u00e9rifiables suppl\u00e9mentaires sans frais additionnels.<\/p>\n\n\n\n<hr class=\"wp-block-separator has-alpha-channel-opacity\"\/>\n\n\n\n<h2 class=\"wp-block-heading\"><strong>Enregistrements de la Semaine de PP (enregistrements des s\u00e9ances)<\/strong><\/h2>\n\n\n\n<h3 class=\"wp-block-heading\"><strong><strong><strong>Offrez-vous davantage de possibilit\u00e9s d\u2019apprentissage<\/strong><\/strong><\/strong><\/h3>\n\n\n\n<p>L\u2019apprentissage ne s\u2019arr\u00eate pas avec la fin de l\u2019\u00e9v\u00e9nement. Toutes les s\u00e9ances enregistr\u00e9es pour le ou les jours s\u00e9lectionn\u00e9s et les pr\u00e9sentations principales des quatre journ\u00e9es seront disponibles durant les trois mois suivant l\u2019\u00e9v\u00e9nement. Cela vous donne un moyen pratique de revisiter les informations cl\u00e9s, de rattraper ce que vous avez manqu\u00e9 et d\u2019apprendre \u00e0 votre propre rythme. Votre acc\u00e8s est valable jusqu\u2019au 26&nbsp;f\u00e9vrier 2027, ce qui signifie que vous pourrez aussi r\u00e9partir vos heures de DPC sur deux ann\u00e9es civiles si vous le pr\u00e9f\u00e9rez.<\/p>\n\n\n\n<p id=\"courriel\"><\/p>\n\n\n\t\t<\/div><!-- \/.section__subsection-inner -->\r\n<\/div><!-- \/.section__subsection -->\r\n\n\n\t\t<\/div><!-- \/.section__content -->\r\n<\/div><!-- \/.section -->\r\n\n\n\n<p id=\"courriel\"><\/p>\n","protected":false},"excerpt":{"rendered":"","protected":false},"author":12,"featured_media":0,"parent":0,"menu_order":0,"comment_status":"closed","ping_status":"closed","template":"","meta":{"_acf_changed":false,"footnotes":""},"class_list":["post-1437","page","type-page","status-publish","hentry"],"acf":[],"yoast_head":"<!-- This site is optimized with the Yoast SEO plugin v26.7 - https:\/\/yoast.com\/wordpress\/plugins\/seo\/ -->\n<title>Accueil 2026 - Semaine de PP<\/title>\n<meta name=\"robots\" content=\"index, follow, max-snippet:-1, max-image-preview:large, max-video-preview:-1\" \/>\n<link rel=\"canonical\" href=\"https:\/\/pdweek.ca\/fr\/\" \/>\n<meta property=\"og:locale\" content=\"fr_FR\" \/>\n<meta property=\"og:type\" content=\"article\" \/>\n<meta property=\"og:title\" content=\"Accueil 2026 - Semaine de PP\" \/>\n<meta property=\"og:url\" content=\"https:\/\/pdweek.ca\/fr\/\" \/>\n<meta property=\"og:site_name\" content=\"Semaine de PP\" \/>\n<meta property=\"article:modified_time\" content=\"2026-04-23T22:09:15+00:00\" \/>\n<meta property=\"og:image\" content=\"https:\/\/pdweek.ca\/wp-content\/uploads\/sites\/2\/2026\/04\/54171015518_9fee928040_k.jpg\" \/>\n<meta name=\"twitter:card\" content=\"summary_large_image\" \/>\n<meta name=\"twitter:label1\" content=\"Dur\u00e9e de lecture estim\u00e9e\" \/>\n\t<meta name=\"twitter:data1\" content=\"6 minutes\" \/>\n<script type=\"application\/ld+json\" class=\"yoast-schema-graph\">{\"@context\":\"https:\/\/schema.org\",\"@graph\":[{\"@type\":\"WebPage\",\"@id\":\"https:\/\/pdweek.ca\/fr\/\",\"url\":\"https:\/\/pdweek.ca\/fr\/\",\"name\":\"Accueil 2026 - Semaine de PP\",\"isPartOf\":{\"@id\":\"https:\/\/pdweek.ca\/#website\"},\"primaryImageOfPage\":{\"@id\":\"https:\/\/pdweek.ca\/fr\/#primaryimage\"},\"image\":{\"@id\":\"https:\/\/pdweek.ca\/fr\/#primaryimage\"},\"thumbnailUrl\":\"https:\/\/pdweek.ca\/wp-content\/uploads\/sites\/2\/2026\/04\/54171015518_9fee928040_k.jpg\",\"datePublished\":\"2026-04-07T18:39:54+00:00\",\"dateModified\":\"2026-04-23T22:09:15+00:00\",\"breadcrumb\":{\"@id\":\"https:\/\/pdweek.ca\/fr\/#breadcrumb\"},\"inLanguage\":\"fr-FR\",\"potentialAction\":[{\"@type\":\"ReadAction\",\"target\":[\"https:\/\/pdweek.ca\/fr\/\"]}]},{\"@type\":\"ImageObject\",\"inLanguage\":\"fr-FR\",\"@id\":\"https:\/\/pdweek.ca\/fr\/#primaryimage\",\"url\":\"https:\/\/pdweek.ca\/wp-content\/uploads\/sites\/2\/2026\/04\/54171015518_9fee928040_k.jpg\",\"contentUrl\":\"https:\/\/pdweek.ca\/wp-content\/uploads\/sites\/2\/2026\/04\/54171015518_9fee928040_k.jpg\"},{\"@type\":\"BreadcrumbList\",\"@id\":\"https:\/\/pdweek.ca\/fr\/#breadcrumb\",\"itemListElement\":[{\"@type\":\"ListItem\",\"position\":1,\"name\":\"Home\",\"item\":\"https:\/\/pdweek.ca\/fr\/\"},{\"@type\":\"ListItem\",\"position\":2,\"name\":\"Accueil 2026\"}]},{\"@type\":\"WebSite\",\"@id\":\"https:\/\/pdweek.ca\/#website\",\"url\":\"https:\/\/pdweek.ca\/\",\"name\":\"Professional Development Week\",\"description\":\"\",\"publisher\":{\"@id\":\"https:\/\/pdweek.ca\/#organization\"},\"potentialAction\":[{\"@type\":\"SearchAction\",\"target\":{\"@type\":\"EntryPoint\",\"urlTemplate\":\"https:\/\/pdweek.ca\/?s={search_term_string}\"},\"query-input\":{\"@type\":\"PropertyValueSpecification\",\"valueRequired\":true,\"valueName\":\"search_term_string\"}}],\"inLanguage\":\"fr-FR\"},{\"@type\":\"Organization\",\"@id\":\"https:\/\/pdweek.ca\/#organization\",\"name\":\"Professional Development Week\",\"url\":\"https:\/\/pdweek.ca\/\",\"logo\":{\"@type\":\"ImageObject\",\"inLanguage\":\"fr-FR\",\"@id\":\"https:\/\/pdweek.ca\/#\/schema\/logo\/image\/\",\"url\":\"https:\/\/pdweek.ca\/wp-content\/uploads\/sites\/2\/2025\/01\/fmi_logo.jpg\",\"contentUrl\":\"https:\/\/pdweek.ca\/wp-content\/uploads\/sites\/2\/2025\/01\/fmi_logo.jpg\",\"width\":336,\"height\":155,\"caption\":\"Professional Development Week\"},\"image\":{\"@id\":\"https:\/\/pdweek.ca\/#\/schema\/logo\/image\/\"}}]}<\/script>\n<!-- \/ Yoast SEO plugin. -->","yoast_head_json":{"title":"Accueil 2026 - Semaine de PP","robots":{"index":"index","follow":"follow","max-snippet":"max-snippet:-1","max-image-preview":"max-image-preview:large","max-video-preview":"max-video-preview:-1"},"canonical":"https:\/\/pdweek.ca\/fr\/","og_locale":"fr_FR","og_type":"article","og_title":"Accueil 2026 - Semaine de PP","og_url":"https:\/\/pdweek.ca\/fr\/","og_site_name":"Semaine de PP","article_modified_time":"2026-04-23T22:09:15+00:00","og_image":[{"url":"https:\/\/pdweek.ca\/wp-content\/uploads\/sites\/2\/2026\/04\/54171015518_9fee928040_k.jpg","type":"","width":"","height":""}],"twitter_card":"summary_large_image","twitter_misc":{"Dur\u00e9e de lecture estim\u00e9e":"6 minutes"},"schema":{"@context":"https:\/\/schema.org","@graph":[{"@type":"WebPage","@id":"https:\/\/pdweek.ca\/fr\/","url":"https:\/\/pdweek.ca\/fr\/","name":"Accueil 2026 - Semaine de PP","isPartOf":{"@id":"https:\/\/pdweek.ca\/#website"},"primaryImageOfPage":{"@id":"https:\/\/pdweek.ca\/fr\/#primaryimage"},"image":{"@id":"https:\/\/pdweek.ca\/fr\/#primaryimage"},"thumbnailUrl":"https:\/\/pdweek.ca\/wp-content\/uploads\/sites\/2\/2026\/04\/54171015518_9fee928040_k.jpg","datePublished":"2026-04-07T18:39:54+00:00","dateModified":"2026-04-23T22:09:15+00:00","breadcrumb":{"@id":"https:\/\/pdweek.ca\/fr\/#breadcrumb"},"inLanguage":"fr-FR","potentialAction":[{"@type":"ReadAction","target":["https:\/\/pdweek.ca\/fr\/"]}]},{"@type":"ImageObject","inLanguage":"fr-FR","@id":"https:\/\/pdweek.ca\/fr\/#primaryimage","url":"https:\/\/pdweek.ca\/wp-content\/uploads\/sites\/2\/2026\/04\/54171015518_9fee928040_k.jpg","contentUrl":"https:\/\/pdweek.ca\/wp-content\/uploads\/sites\/2\/2026\/04\/54171015518_9fee928040_k.jpg"},{"@type":"BreadcrumbList","@id":"https:\/\/pdweek.ca\/fr\/#breadcrumb","itemListElement":[{"@type":"ListItem","position":1,"name":"Home","item":"https:\/\/pdweek.ca\/fr\/"},{"@type":"ListItem","position":2,"name":"Accueil 2026"}]},{"@type":"WebSite","@id":"https:\/\/pdweek.ca\/#website","url":"https:\/\/pdweek.ca\/","name":"Professional Development Week","description":"","publisher":{"@id":"https:\/\/pdweek.ca\/#organization"},"potentialAction":[{"@type":"SearchAction","target":{"@type":"EntryPoint","urlTemplate":"https:\/\/pdweek.ca\/?s={search_term_string}"},"query-input":{"@type":"PropertyValueSpecification","valueRequired":true,"valueName":"search_term_string"}}],"inLanguage":"fr-FR"},{"@type":"Organization","@id":"https:\/\/pdweek.ca\/#organization","name":"Professional Development Week","url":"https:\/\/pdweek.ca\/","logo":{"@type":"ImageObject","inLanguage":"fr-FR","@id":"https:\/\/pdweek.ca\/#\/schema\/logo\/image\/","url":"https:\/\/pdweek.ca\/wp-content\/uploads\/sites\/2\/2025\/01\/fmi_logo.jpg","contentUrl":"https:\/\/pdweek.ca\/wp-content\/uploads\/sites\/2\/2025\/01\/fmi_logo.jpg","width":336,"height":155,"caption":"Professional Development Week"},"image":{"@id":"https:\/\/pdweek.ca\/#\/schema\/logo\/image\/"}}]}},"_links":{"self":[{"href":"https:\/\/pdweek.ca\/fr\/wp-json\/wp\/v2\/pages\/1437","targetHints":{"allow":["GET"]}}],"collection":[{"href":"https:\/\/pdweek.ca\/fr\/wp-json\/wp\/v2\/pages"}],"about":[{"href":"https:\/\/pdweek.ca\/fr\/wp-json\/wp\/v2\/types\/page"}],"author":[{"embeddable":true,"href":"https:\/\/pdweek.ca\/fr\/wp-json\/wp\/v2\/users\/12"}],"replies":[{"embeddable":true,"href":"https:\/\/pdweek.ca\/fr\/wp-json\/wp\/v2\/comments?post=1437"}],"version-history":[{"count":4,"href":"https:\/\/pdweek.ca\/fr\/wp-json\/wp\/v2\/pages\/1437\/revisions"}],"predecessor-version":[{"id":1562,"href":"https:\/\/pdweek.ca\/fr\/wp-json\/wp\/v2\/pages\/1437\/revisions\/1562"}],"wp:attachment":[{"href":"https:\/\/pdweek.ca\/fr\/wp-json\/wp\/v2\/media?parent=1437"}],"curies":[{"name":"wp","href":"https:\/\/api.w.org\/{rel}","templated":true}]}}